{"id":10855,"date":"2022-08-07T09:45:50","date_gmt":"2022-08-07T07:45:50","guid":{"rendered":"https:\/\/www.rc03-ilbenstadt.de\/?page_id=10855"},"modified":"2022-08-10T14:35:00","modified_gmt":"2022-08-10T12:35:00","slug":"herbstradtouren-2022-rtf-und-gtf-strecken","status":"publish","type":"page","link":"https:\/\/www.rc03-ilbenstadt.de\/?page_id=10855","title":{"rendered":"Herbstradtouren 2022 &#8211; RTF und GTF &#8211; Strecken"},"content":{"rendered":"<p>Eine Landschaft im best\u00e4ndigen Wandel. Die Wetterau, der Vogelsberg bewegen sich im Wechsel der Jahreszeiten und zeigen uns, was die Stunde geschlagen hat. Das stimmt wohl, doch die aufkommende Klimaver\u00e4nderung w\u00fcrde uns die jahreszeitliche Einordnung schwer machen, h\u00e4tten wir nicht einen Kalender, der uns Schwarz auf Wei\u00df die Verh\u00e4ltnisse kl\u00e4rt. Trockenheit und Hitze haben die Landschaften gezeichnet. Die Getreideernte ist im Staub vollzogen worden, die \u00c4cker sind weitgehend abgeerntet und werden auf die Einsaat vorbereitet. Mais und Zuckerr\u00fcben sind als gr\u00fcne Inseln im staubigen Braun der \u00fcbrigen \u00c4cker leicht auszumachen. B\u00fcsche und B\u00e4ume &#8211; diese Erscheinung zieht sich bis in den Hohen Vogelsberg &#8211; werfen schon im Sommer Laub ab, um der Trockenheit zu trotzen.<br \/>\nSo erwartet uns die zu erradelnde Landschaft. Fasziniernde Bilder zeigen sich und  &#8211; da lehnen wir uns mal weit aus dem Fenster &#8211; der Herbst wird sich in Wetterau und Vogelsberg in diesem Jahr fr\u00fch mit einem tollen Farbenspiel in den Laubbaumbest\u00e4nden zeigen. Die Wetterau, der Vogelsberg, zu jeder Jahreszeit  nuancenreiche, fasziniernde Landschaften. Freuen wir uns darauf. So sehen wir die Realit\u00e4t mit einem lachenden und einem weinenden Auge.<\/p>\n<p>Wir haben die Strecken in der sanften H\u00fcgellandschaft der Wetterau eingebettet und, das wollen wir nicht verschweigen, hier und da sind kleine Fitnesspr\u00fcfungen angesagt. W\u00e4hrend die 32-Kilometer-Familientour und die 41-Kilometertour sich weitgehend flach an Einsteiger wenden, weist die 77-Kilometertour schon mal die ein oder andere moderate Steigung auf. Wir steigern uns jetzt langsam. Die 111-Kilometertour hat schon moderate H\u00fcgel im Streckenverlauf, gut rainierte Pedaleure werten diese als \u201eBodenwellen\u201c. Auf der 153-Kilometerrunde im Hohen Vogelsberg geht es dann schon kr\u00e4ftig zur Sache; \u00fcber 1.560 H\u00f6hemneter sind auf dieser wundersch\u00f6nen Strecke schon eine Hausnummer, die nur ge\u00fcbten Radlerinnen und Radlern empfohlen werden k\u00f6nnen.<br \/>\nWir w\u00fcnschen unseren Teilnehmern auf den Strecken in der Wetterau und im Vogelsberg unvergessliche Eindr\u00fccke und eine unfallfreie Fahrt. <\/p>\n<p>Noch ein Wort zu unserer Graveltour:<br \/>\nDas &#8222;neue&#8220; Angebot f\u00fchrt Freundinnen und Freunde des geschotterten Wegs in Anlehnung an unsere 77-Kilometerstrecke 82 Kilometer auf naturnahen Untergr\u00fcnden durch die Wetterau. Die Streckenanteile mit wassergebundener Decke, Gras- und Erdewege haben wir gegen\u00fcber unserer Fr\u00fchjahrstour erh\u00f6hen k\u00f6nnen, doch m\u00fcssen auch Wege unter die R\u00e4der genommen werden k\u00f6nnen, bei denen bester Wetterauer Basaltschotter mit einem Asphalt- oder Betonschutz\u00fcberzug den Unbillen land- und forstwirtschaftlicher Fahrzeuge und Maschinen entzogen sind. Das schafft eine g\u00fcbte Radlerschar locker.<br \/>\nWir freuen uns, dieses Angebot machen zu k\u00f6nnen und w\u00fcnschen viel Freude und eine unfallfreie Fahrt.<\/p>\n<p>F\u00fcr die Darstellung unserer Strecken haben wir das OpenStreetMap-Projekt umap gew\u00e4hlt. Die Strecken von RTF und Graveltour (GTF) sind jeweils auf einer Karte geb\u00fcndelt, aber auf verschiedenen Ebenen eingestellt. Damit l\u00e4sst sich die gew\u00fcnschte Tour &#8222;freistellen&#8220; indem die anderen ausgeblendet werden. Versucht das mal am linken Kartenrand , dr\u00fcckt im Men\u00fc auf den &#8222;M\u00fcnzstapel&#8220; und blendet die Strecken mit dem Augensymbol ein oder aus. Die Zentrierung der Strecken kann \u00fcber die Wahl einer h\u00f6heren Zoomstufe (Mouserad!) tempor\u00e4r aufgehoben werden.<br \/>\nAuf vielfachen Wunsch haben wir jetzt auch Einzeldarstellungen der Strecken aufgenommen und stellen barrierefreie GPX-Dateien zum Download zur Verf\u00fcgung.<\/p>\n<p>Die Strecken befinden sich noch im beh\u00f6rdlichen Genehmigungsprozess und k\u00f6nnen aufgrund von Auflagen, Baustellen, Corona-Pandemieeinfl\u00fcssen sowie anderen unvorhergesehenen Ereignissen noch variieren. <\/p>\n<p><strong>Gesamt\u00fcbersicht<\/strong><br \/>\nAuf den ersten Blick sehr verwirrend. Geht zur Einzeldarstellung der Strecken weiter, wenn Ihr Euch f\u00fcr eine entschieden habt.<br \/>\n<strong>Kartendarstellung<\/strong><br \/>\n<a href=\"http:\/\/umap.openstreetmap.fr\/de\/map\/rc03_ilbenstadt_rtf_9_2022-gesamt_784552#13\/50.3642\/8.8418\" target=\"_blank\" rel=\"noopener\">RC03_Herbstradtouren 2022 &#8211; Alle Strecken<br \/>(Vollbildanzeige)<\/a><br \/>\n<iframe loading=\"lazy\" width=\"200%\" height=\"300px\" frameborder=\"0\" allowfullscreen src=\"\/\/umap.openstreetmap.fr\/de\/map\/rc03_ilbenstadt_rtf_9_2022-gesamt_784552?scaleControl=true&#038;miniMap=false&#038;scrollWheelZoom=true&#038;zoomControl=true&#038;allowEdit=false&#038;moreControl=true&#038;searchControl=true&#038;tilelayersControl=true&#038;embedControl=true&#038;datalayersControl=true&#038;onLoadPanel=undefined&#038;captionBar=false&#038;fullscreenControl=true&#038;measureControl=true\"><\/iframe><\/p>\n<p><strong>Streckendownload f\u00fcr Navigationsger\u00e4te:<\/strong><br \/>\n<a href=\"https:\/\/rc03-ilbenstadt.de\/GPX\/GPX-RTF\/RC03_Ilbenstadt_RTF_9_2022_32km.gpx\" target=\"_blank\" rel=\"noopener noreferrer\">Tour 1 &#8211; 32-Kilometer-Strecke (Familientour)\/83 Hm, <\/a><br \/>\n<strong>Kartendarstellung<\/strong><br \/>\n<a href=\"http:\/\/umap.openstreetmap.fr\/de\/map\/rc03_ilbenstadt_rtf_9_2022-32km_793654#11\/50.3335\/8.8946\" target=\"_blank\" rel=\"noopener\">RC03_Herbst-RTF_2022 &#8211; Tour 1 &#8211; 32-Kilometer-Strecke (Familientour)\/83 Hm<br \/>(Vollbildanzeige)<\/a><br \/>\n<iframe loading=\"lazy\" width=\"200%\" height=\"300px\" frameborder=\"0\" allowfullscreen src=\"\/\/umap.openstreetmap.fr\/de\/map\/rc03_ilbenstadt_rtf_9_2022-32km_793654?scaleControl=true&#038;miniMap=false&#038;scrollWheelZoom=true&#038;zoomControl=true&#038;allowEdit=false&#038;moreControl=true&#038;searchControl=true&#038;tilelayersControl=true&#038;embedControl=true&#038;datalayersControl=true&#038;onLoadPanel=undefined&#038;captionBar=false&#038;fullscreenControl=true&#038;locateControl=true&#038;measureControl=true\"><\/iframe><\/p>\n<p><strong>Streckendownload f\u00fcr Navigationsger\u00e4te:<\/strong><br \/>\n<a href=\"https:\/\/rc03-ilbenstadt.de\/GPX\/GPX-RTF\/RC03_Ilbenstadt_RTF_9_2022_41km.gpx\" target=\"_blank\" rel=\"noopener noreferrer\">Tour 2 &#8211; 41-Kilometer-Strecke\/214 Hm, <\/a><br \/>\n<strong>Kartendarstellung<\/strong><br \/>\n<a href=\"http:\/\/umap.openstreetmap.fr\/de\/map\/rc03_ilbenstadt_rtf_9_2022-41km_793659#11\/50.3433\/8.8737\" target=\"_blank\" rel=\"noopener\">RC03_Herbst-RTF_2022 &#8211; Tour 2 &#8211; 41-Kilometer-Strecke\/214 Hm<br \/>(Vollbildanzeige)<\/a><br \/>\n<iframe loading=\"lazy\" width=\"200%\" height=\"300px\" frameborder=\"0\" allowfullscreen src=\"\/\/umap.openstreetmap.fr\/de\/map\/rc03_ilbenstadt_rtf_9_2022-41km_793659?scaleControl=true&#038;miniMap=false&#038;scrollWheelZoom=true&#038;zoomControl=true&#038;allowEdit=false&#038;moreControl=true&#038;searchControl=true&#038;tilelayersControl=true&#038;embedControl=true&#038;datalayersControl=true&#038;onLoadPanel=undefined&#038;captionBar=false&#038;fullscreenControl=true&#038;locateControl=true&#038;measureControl=true\"><\/iframe><\/p>\n<p><strong>Streckendownload f\u00fcr Navigationsger\u00e4te:<\/strong><br \/>\n<a href=\"https:\/\/rc03-ilbenstadt.de\/GPX\/GPX-RTF\/RC03_Ilbenstadt_RTF_9_2022_77km_V02.gpx\" target=\"_blank\" rel=\"noopener noreferrer\">Tour 3 &#8211; 77-Kilometer-Strecke\/463 Hm, <\/a><br \/>\n<strong>Kartendarstellung<\/strong><br \/>\n<a href=\"http:\/\/umap.openstreetmap.fr\/de\/map\/rc03_ilbenstadt_rtf_9_2022_77km_793661#11\/50.3944\/9.0621\" target=\"_blank\" rel=\"noopener\">RC03_Herbst-RTF_2022 &#8211; Tour 3 &#8211; 77-Kilometer-Strecke\/463 Hmr<br \/>(Vollbildanzeige)<\/a><br \/>\n<iframe loading=\"lazy\" width=\"200%\" height=\"300px\" frameborder=\"0\" allowfullscreen src=\"\/\/umap.openstreetmap.fr\/de\/map\/rc03_ilbenstadt_rtf_9_2022_77km_793661?scaleControl=true&#038;miniMap=false&#038;scrollWheelZoom=true&#038;zoomControl=true&#038;allowEdit=false&#038;moreControl=true&#038;searchControl=true&#038;tilelayersControl=true&#038;embedControl=true&#038;datalayersControl=true&#038;onLoadPanel=undefined&#038;captionBar=false&#038;fullscreenControl=true&#038;locateControl=true&#038;measureControl=true\"><\/iframe><\/p>\n<p><strong>Streckendownload f\u00fcr Navigationsger\u00e4te:<\/strong><br \/>\n<a href=\"https:\/\/rc03-ilbenstadt.de\/GPX\/GPX-RTF\/RC03_Ilbenstadt_RTF_9_2022_111km_V02.gpx\" target=\"_blank\" rel=\"noopener noreferrer\">Tour 4 &#8211; 111-Kilometer-Strecke\/890 Hm, <\/a><br \/>\n<strong>Kartendarstellung<\/strong><br \/>\n<a href=\"http:\/\/umap.openstreetmap.fr\/de\/map\/rc03_ilbenstadt_rtf_9_2022-111km_793663#11\/50.3944\/9.0621\" target=\"_blank\" rel=\"noopener\">RC03_Herbst-RTF_2022 &#8211; Tour 4 &#8211; 111-Kilometer-Strecke\/890 H\u00f6henmeter<br \/>(Vollbildanzeige)<\/a><br \/>\n<iframe loading=\"lazy\" width=\"200%\" height=\"300px\" frameborder=\"0\" allowfullscreen src=\"\/\/umap.openstreetmap.fr\/de\/map\/rc03_ilbenstadt_rtf_9_2022-111km_793663?scaleControl=true&#038;miniMap=false&#038;scrollWheelZoom=true&#038;zoomControl=true&#038;allowEdit=false&#038;moreControl=true&#038;searchControl=true&#038;tilelayersControl=true&#038;embedControl=true&#038;datalayersControl=true&#038;onLoadPanel=undefined&#038;captionBar=false&#038;fullscreenControl=true&#038;measureControl=true\"><\/iframe><\/p>\n<p><strong>RTF-Strecken<\/strong><br \/>\n<strong>Streckendownload f\u00fcr Navigationsger\u00e4te:<\/strong><br \/>\n<a href=\"https:\/\/rc03-ilbenstadt.de\/GPX\/GPX-RTF\/RC03_Ilbenstadt_RTF_9_2022_153km_V03.gpx\" target=\"_blank\" rel=\"noopener noreferrer\">Tour 5 &#8211; 153-Kilometer-Strecke\/1.560 Hm, <\/a><br \/>\n<strong>Kartendarstellung<\/strong><br \/>\n<a href=\"http:\/\/umap.openstreetmap.fr\/de\/map\/rc03_ilbenstadt_rtf_9_2022-153km_793687#11\/50.3944\/9.0621\" target=\"_blank\" rel=\"noopener\">RC03_Herbst-RTF_2022 &#8211; Tour 5 &#8211; 153-Kilometer-Strecke\/1.560 H\u00f6henmeter<br \/>(Vollbildanzeige)<\/a><br \/>\n<iframe loading=\"lazy\" width=\"200%\" height=\"300px\" frameborder=\"0\" allowfullscreen src=\"\/\/umap.openstreetmap.fr\/de\/map\/rc03_ilbenstadt_rtf_9_2022-153km_793687?scaleControl=true&#038;miniMap=false&#038;scrollWheelZoom=true&#038;zoomControl=true&#038;allowEdit=false&#038;moreControl=true&#038;searchControl=true&#038;tilelayersControl=true&#038;embedControl=true&#038;datalayersControl=true&#038;onLoadPanel=undefined&#038;captionBar=false&#038;fullscreenControl=true&#038;locateControl=true&#038;measureControl=true\"><\/iframe><\/p>\n<p><strong>Graveltour (GTF)<\/strong><br \/>\nDie GTF wird <strong>nicht<\/strong> ausgeschildert und ist nach GPS-Daten zu fahren. Beschilderungen anderer Touren sind mit Ausnahme der Servicepunkte M\u00fcnzenberg und Staden zu ignorieren.<\/span><br \/>\n<strong>Streckendownload f\u00fcr Navigationsger\u00e4te:<\/strong><br \/>\n<a href=\"https:\/\/rc03-ilbenstadt.de\/GPX\/GPX-GTF\/RC03_Ilbenstadt_GTF_9_2022_82km_V06.gpx\" target=\"_blank\" rel=\"noopener noreferrer\"> Graveltourenfahrt (GTF)  \u00fcber 82 km und 842 H\u00f6henmeter<\/a><br \/>\n<strong>Kartendarstellung<\/strong><br \/>\n<a href=\"http:\/\/umap.openstreetmap.fr\/de\/map\/rc03_ilbenstadt_rtf_9_2022-82km_gravel_793703#11\/50.3711\/8.8103\" target=\"_blank\" rel=\"noopener\">Graveltourenfahrt (GTF)<br \/>(Vollbildanzeige)<\/a><br \/>\n<iframe loading=\"lazy\" width=\"200%\" height=\"300px\" frameborder=\"0\" allowfullscreen src=\"\/\/umap.openstreetmap.fr\/de\/map\/rc03_ilbenstadt_rtf_9_2022-82km_gravel_793703?scaleControl=true&#038;miniMap=false&#038;scrollWheelZoom=true&#038;zoomControl=true&#038;allowEdit=false&#038;moreControl=true&#038;searchControl=true&#038;tilelayersControl=null&#038;embedControl=true&#038;datalayersControl=true&#038;onLoadPanel=undefined&#038;captionBar=false&#038;fullscreenControl=true&#038;locateControl=true&#038;measureControl=true\"><\/iframe><\/p>\n","protected":false},"excerpt":{"rendered":"<p>Eine Landschaft im best\u00e4ndigen Wandel. Die Wetterau, der Vogelsberg bewegen sich im Wechsel der Jahreszeiten und zeigen uns, was die Stunde geschlagen hat. Das stimmt wohl, doch die aufkommende Klimaver\u00e4nderung w\u00fcrde uns die jahreszeitliche Einordnung schwer machen, h\u00e4tten wir nicht &hellip; <a href=\"https:\/\/www.rc03-ilbenstadt.de\/?page_id=10855\">Weiterlesen <span class=\"meta-nav\">&rarr;<\/span><\/a><\/p>\n","protected":false},"author":9,"featured_media":0,"parent":0,"menu_order":0,"comment_status":"closed","ping_status":"closed","template":"","meta":{"_crdt_document":"","footnotes":""},"class_list":["post-10855","page","type-page","status-publish","hentry"],"_links":{"self":[{"href":"https:\/\/www.rc03-ilbenstadt.de\/index.php?rest_route=\/wp\/v2\/pages\/10855","targetHints":{"allow":["GET"]}}],"collection":[{"href":"https:\/\/www.rc03-ilbenstadt.de\/index.php?rest_route=\/wp\/v2\/pages"}],"about":[{"href":"https:\/\/www.rc03-ilbenstadt.de\/index.php?rest_route=\/wp\/v2\/types\/page"}],"author":[{"embeddable":true,"href":"https:\/\/www.rc03-ilbenstadt.de\/index.php?rest_route=\/wp\/v2\/users\/9"}],"replies":[{"embeddable":true,"href":"https:\/\/www.rc03-ilbenstadt.de\/index.php?rest_route=%2Fwp%2Fv2%2Fcomments&post=10855"}],"version-history":[{"count":5,"href":"https:\/\/www.rc03-ilbenstadt.de\/index.php?rest_route=\/wp\/v2\/pages\/10855\/revisions"}],"predecessor-version":[{"id":10910,"href":"https:\/\/www.rc03-ilbenstadt.de\/index.php?rest_route=\/wp\/v2\/pages\/10855\/revisions\/10910"}],"wp:attachment":[{"href":"https:\/\/www.rc03-ilbenstadt.de\/index.php?rest_route=%2Fwp%2Fv2%2Fmedia&parent=10855"}],"curies":[{"name":"wp","href":"https:\/\/api.w.org\/{rel}","templated":true}]}}