{"id":11657,"date":"2023-06-19T16:42:45","date_gmt":"2023-06-19T14:42:45","guid":{"rendered":"https:\/\/www.rc03-ilbenstadt.de\/?page_id=11657"},"modified":"2023-09-08T02:42:59","modified_gmt":"2023-09-08T00:42:59","slug":"herbst-radtouren-2023-rtf-und-gtf-strecken","status":"publish","type":"page","link":"https:\/\/www.rc03-ilbenstadt.de\/?page_id=11657","title":{"rendered":"Herbst-Radtouren 2023 &#8211; RTF und GTF &#8211; Strecken"},"content":{"rendered":"<p>Eine Landschaft im best\u00e4ndigen Wandel. Die Wetterau und der Vogelsberg bewegen sich im Wechsel der Jahreszeiten und zeigen uns, was die Stunde geschlagen hat. Das stimmt wohl, doch die aufkommende Klimaver\u00e4nderung w\u00fcrde uns die jahreszeitliche Einordnung schwer machen, h\u00e4tten wir nicht einen Kalender, der uns Schwarz auf Wei\u00df die Verh\u00e4ltnisse kl\u00e4rt. Auch in diesem scheinen Trockenheit und Hitze die Landschaften wieder zu zeichnen.<br \/>\nWir sind gespannt, wie sich Wetter und die Zyklen Sommer und Herbst in unserer Region darstellen werden. Fahren wir mit wachen Verstand und offenen Augen durch Wetterau und Vogelsberg. Hoffen wir, dass der Herbst faszinierende Bilder bietet, das tolle Farbenspiel in Laubbaumbest\u00e4nden im Wechsel mit abgeernteten Feldern und solchen, die noch im satten Gr\u00fcn der Ernte entgegensehen.<\/p>\n<p>Wir haben die Strecken in der sanften H\u00fcgellandschaft der Wetterau eingebettet und, das wollen wir nicht verschweigen, hier und da sind kleine Fitnesspr\u00fcfungen angesagt. W\u00e4hrend die 32-Kilometer-Familientour und die 40-Kilometertour sich weitgehend flach an Einsteiger wenden, weist die 77-Kilometertour schon mal die ein oder andere moderate Steigung auf. Wir steigern uns jetzt langsam. Die 115-Kilometertour hat schon moderate H\u00fcgel im Streckenverlauf, gut trainierte Pedaleure werten diese als \u201eBodenwellen\u201c. Auf der 155-Kilometerrunde im Hohen Vogelsberg geht es dann schon kr\u00e4ftig zur Sache; \u00fcber 1.617 H\u00f6hemneter sind auf dieser wundersch\u00f6nen Strecke schon eine Hausnummer, die nur ge\u00fcbten Radlerinnen und Radlern empfohlen werden kann.<br \/>\nWir w\u00fcnschen unseren Teilnehmern auf den Strecken in der Wetterau und im Vogelsberg unvergessliche Eindr\u00fccke und eine unfallfreie Fahrt. <\/p>\n<p>Noch ein Wort zu unserer Graveltour:<br \/>\nDas &#8222;neue&#8220; Angebot f\u00fchrt Freundinnen und Freunde des geschotterten Wegs in Anlehnung an unsere 77-Kilometerstrecke 82 Kilometer auf naturnahen Untergr\u00fcnden durch die Wetterau. Die Streckenanteile mit wassergebundener Decke, Gras- und Erdewege haben wir gegen\u00fcber 2022 erh\u00f6hen k\u00f6nnen, doch m\u00fcssen auch Wege unter die R\u00e4der genommen werden, bei denen bester Wetterauer Basaltschotter mit einem Asphalt- oder Betonschutz\u00fcberzug den Unbillen land- und forstwirtschaftlicher Fahrzeuge und Maschinen entzogen sind. Zus\u00e4tzlich bieten wir eine 51-Kilometerstrecke an und entsprechen damit dem ein oder anderen Wunsch.<br \/>\nWir freuen uns, dieses Angebot machen zu k\u00f6nnen und w\u00fcnschen viel Freude und eine unfallfreie Fahrt.<\/p>\n<p>Unsere Strecken pr\u00e4sentieren wir in diesem Jahr auch auf Komoot und tragen damit den W\u00fcnschen einer Vielzahl von Radlerinnen und Radlern Rechnung, die das Portal zur Planung und zum Nachfahren der Strecken bevorzugt nutzen.<\/p>\n<p>Hier geht es zur <strong><a href=\"https:\/\/www.komoot.de\/collection\/2378509\/-herbst-radtourenfahrt-rtf-2023-47-wetterau-vogelsberg-rundfahrt-graveltourenfahrt-gtf-2023-4-wetterauer-schottertour\" target=\"_blank\" rel=\"noopener\">Komoot Collection<\/a><\/strong> des RC 03 Ilbenstadt<\/p>\n<p>F\u00fcr die Darstellung unserer Strecken nutzen wir auch das OpenStreetMap-Projekt uMap. . Die Strecken von RTF und Graveltour (GTF) sind jeweils auf einer Karte geb\u00fcndelt, aber auf verschiedenen Ebenen eingestellt. Damit l\u00e4sst sich die gew\u00fcnschte Tour &#8222;freistellen&#8220; indem die anderen ausgeblendet werden. Versucht das mal am linken Kartenrand, dr\u00fcckt im Men\u00fc auf den &#8222;M\u00fcnzstapel&#8220; und blendet die Strecken mit dem Augensymbol ein oder aus. Die Zentrierung der Strecken kann \u00fcber die Wahl einer h\u00f6heren Zoomstufe (Mouserad!) tempor\u00e4r aufgehoben werden.<br \/>\nAuf vielfachen Wunsch haben wir jetzt auch Einzeldarstellungen der Strecken aufgenommen und stellen barrierefreie GPX-Dateien zum Download zur Verf\u00fcgung.<\/p>\n<p><strong>Gesamt\u00fcbersicht RTF<\/strong><br \/>\nAuf den ersten Blick sehr verwirrend. Geht zur Einzeldarstellung der Strecken weiter, wenn Ihr Euch f\u00fcr eine entschieden habt.<br \/>\n<strong>Kartendarstellung<\/strong><br \/>\n<a href=\"http:\/\/umap.openstreetmap.fr\/de\/map\/rc03_ilbenstadt_rtf_9_2023-gesamt_947392#12\/50.3820\/9.1171\" target=\"_blank\" rel=\"noopener\">RC03_Herbstradtouren 2023 &#8211; Alle Strecken<br \/>(Vollbildanzeige)<\/a><br \/>\n<iframe loading=\"lazy\" width=\"200%\" height=\"300px\" frameborder=\"0\" allowfullscreen allow=\"geolocation\" src=\"\/\/umap.openstreetmap.fr\/de\/map\/rc03_ilbenstadt_rtf_9_2023-gesamt_947392?scaleControl=true&#038;miniMap=false&#038;scrollWheelZoom=true&#038;zoomControl=true&#038;allowEdit=false&#038;moreControl=true&#038;searchControl=true&#038;tilelayersControl=true&#038;embedControl=true&#038;datalayersControl=true&#038;onLoadPanel=undefined&#038;captionBar=false&#038;captionMenus=true&#038;fullscreenControl=true&#038;locateControl=true&#038;measureControl=true\"><\/iframe><\/p>\n<p><strong>32-Kilometer-RTF-Familientour<\/strong><br \/>\n<strong>Streckendownload f\u00fcr Navigationsger\u00e4te:<\/strong><br \/>\n<a href=\"https:\/\/rc03-ilbenstadt.de\/GPX\/GPX-RTF\/RC03_Ilbenstadt_RTF_9_2023_32km_V1.gpx\" target=\"_blank\" rel=\"noopener noreferrer\">Tour 1 &#8211; 32-Kilometer-Strecke (Familientour)\/89 Hm, <\/a><br \/>\n<strong>Kartendarstellung<\/strong><br \/>\n<a href=\"http:\/\/umap.openstreetmap.fr\/de\/map\/rc03_ilbenstadt_rtf_9_2023-32km_930489#12\/50.3335\/8.8944\" target=\"_blank\" rel=\"noopener\">RC03_Herbst-RTF_2023 &#8211; Tour 1 &#8211; 32-Kilometer-Strecke (Familientour)\/89 Hm<br \/>(Vollbildanzeige)<\/a><br \/>\n<iframe loading=\"lazy\" width=\"200%\" height=\"300px\" frameborder=\"0\" allowfullscreen allow=\"geolocation\" src=\"\/\/umap.openstreetmap.fr\/de\/map\/rc03_ilbenstadt_rtf_9_2023-32km_930489?scaleControl=true&#038;miniMap=false&#038;scrollWheelZoom=true&#038;zoomControl=true&#038;allowEdit=false&#038;moreControl=true&#038;searchControl=true&#038;tilelayersControl=true&#038;embedControl=true&#038;datalayersControl=true&#038;onLoadPanel=undefined&#038;captionBar=false&#038;captionMenus=true&#038;fullscreenControl=true&#038;locateControl=true&#038;measureControl=true\"><\/iframe><\/p>\n<p><strong>40-Kilometer-RTF-Strecke (Am 05.08.2023 modifiziert)<\/strong><br \/>\n<strong>Streckendownload f\u00fcr Navigationsger\u00e4te:<\/strong><br \/>\n<a href=\"https:\/\/rc03-ilbenstadt.de\/GPX\/GPX-RTF\/RC03_Ilbenstadt_RTF_9_2023_40km_V3.gpx\" target=\"_blank\" rel=\"noopener noreferrer\">Tour 2 &#8211; 40-Kilometer-Strecke\/172 Hm, <\/a><br \/>\n<strong>Kartendarstellung<\/strong><br \/>\n<a href=\"http:\/\/umap.openstreetmap.fr\/de\/map\/rc03_ilbenstadt_rtf_9_2023-40km_930478#12\/50.3195\/8.8399\" target=\"_blank\" rel=\"noopener\">RC03_Herbst-RTF_2023 &#8211; Tour 2 &#8211; 40-Kilometer-Strecke\/172 Hm<br \/>(Vollbildanzeige)<\/a><br \/>\n<iframe loading=\"lazy\" width=\"200%\" height=\"300px\" frameborder=\"0\" allowfullscreen allow=\"geolocation\" src=\"\/\/umap.openstreetmap.fr\/de\/map\/rc03_ilbenstadt_rtf_9_2023-40km_930478?scaleControl=true&#038;miniMap=false&#038;scrollWheelZoom=true&#038;zoomControl=true&#038;allowEdit=false&#038;moreControl=true&#038;searchControl=true&#038;tilelayersControl=true&#038;embedControl=true&#038;datalayersControl=true&#038;onLoadPanel=undefined&#038;captionBar=false&#038;captionMenus=true&#038;fullscreenControl=true&#038;locateControl=true&#038;measureControl=true\"><\/iframe><\/p>\n<p><strong>77-Kilometer-RTF-Strecke<\/strong><br \/>\n<strong>Streckendownload f\u00fcr Navigationsger\u00e4te:<\/strong><br \/>\n<a href=\"https:\/\/rc03-ilbenstadt.de\/GPX\/GPX-RTF\/RC03_Ilbenstadt_RTF_9_2023_77km_V1.gpx\" target=\"_blank\" rel=\"noopener noreferrer\">Tour 3 &#8211; 77-Kilometer-Strecke\/452 Hm, <\/a><br \/>\n<strong>Kartendarstellung<\/strong><br \/>\n<a href=\"http:\/\/umap.openstreetmap.fr\/de\/map\/rc03_ilbenstadt_rtf_9_2023_77km_930481#12\/50.3944\/9.0620\" target=\"_blank\" rel=\"noopener\">RC03_Herbst-RTF_2023 &#8211; Tour 3 &#8211; 77-Kilometer-Strecke\/452 Hmr<br \/>(Vollbildanzeige)<\/a><br \/>\n<iframe loading=\"lazy\" width=\"200%\" height=\"300px\" frameborder=\"0\" allowfullscreen allow=\"geolocation\" src=\"\/\/umap.openstreetmap.fr\/de\/map\/rc03_ilbenstadt_rtf_9_2023_77km_930481?scaleControl=true&#038;miniMap=false&#038;scrollWheelZoom=true&#038;zoomControl=true&#038;allowEdit=false&#038;moreControl=true&#038;searchControl=true&#038;tilelayersControl=true&#038;embedControl=true&#038;datalayersControl=true&#038;onLoadPanel=undefined&#038;captionBar=false&#038;captionMenus=true&#038;fullscreenControl=true&#038;locateControl=true&#038;measureControl=true\"><\/iframe><\/p>\n<p><strong>115-Kilometer-RTF-Strecke (Am 14.08.2023 modifiziert)<\/strong><br \/>\n<strong>Streckendownload f\u00fcr Navigationsger\u00e4te:<\/strong><br \/>\n<a href=\"https:\/\/rc03-ilbenstadt.de\/GPX\/GPX-RTF\/RC03_Ilbenstadt_RTF_9_2023_115km_V4.gpx\" target=\"_blank\" rel=\"noopener noreferrer\">Tour 4 &#8211; 115-Kilometer-Strecke\/961 Hm, <\/a><br \/>\n<strong>Kartendarstellung<\/strong><br \/>\n<a href=\"http:\/\/umap.openstreetmap.fr\/de\/map\/rc03_ilbenstadt_rtf_9_2023-115km_930483#11\/50.3943\/9.0623\" target=\"_blank\" rel=\"noopener\">RC03_Herbst-RTF_2023 &#8211; Tour 4 &#8211; 115-Kilometer-Strecke\/961 H\u00f6henmeter<br \/>(Vollbildanzeige)<\/a><br \/>\n<iframe loading=\"lazy\" width=\"200%\" height=\"300px\" frameborder=\"0\" allowfullscreen allow=\"geolocation\" src=\"\/\/umap.openstreetmap.fr\/de\/map\/rc03_ilbenstadt_rtf_9_2023-115km_930483?scaleControl=true&#038;miniMap=false&#038;scrollWheelZoom=true&#038;zoomControl=true&#038;allowEdit=false&#038;moreControl=true&#038;searchControl=true&#038;tilelayersControl=true&#038;embedControl=true&#038;datalayersControl=true&#038;onLoadPanel=undefined&#038;captionBar=false&#038;captionMenus=true&#038;measureControl=true\"><\/iframe><\/p>\n<p><strong>155-Kilometer-RTF-Strecke (Am 14.08.2023 modifiziert)<\/strong><br \/>\n<strong>Streckendownload f\u00fcr Navigationsger\u00e4te:<\/strong><br \/>\n<a href=\"https:\/\/rc03-ilbenstadt.de\/GPX\/GPX-RTF\/RC03_Ilbenstadt_RTF_9_2023_155km_V4.gpx\" target=\"_blank\" rel=\"noopener noreferrer\">Tour 5 &#8211; 155-Kilometer-Strecke\/1.617 Hm, <\/a><br \/>\n<strong>Kartendarstellung<\/strong><br \/>\n<a href=\"http:\/\/umap.openstreetmap.fr\/de\/map\/rc03_ilbenstadt_rtf_9_2023-157km_930486#11\/50.3943\/9.0623\" target=\"_blank\" rel=\"noopener\">RC03_Herbst-RTF_2023 &#8211; Tour 5 &#8211; 155-Kilometer-Strecke\/1.617 H\u00f6henmeter<br \/>(Vollbildanzeige)<\/a><br \/>\n<iframe loading=\"lazy\" width=\"200%\" height=\"300px\" frameborder=\"0\" allowfullscreen allow=\"geolocation\" src=\"\/\/umap.openstreetmap.fr\/de\/map\/rc03_ilbenstadt_rtf_9_2023-157km_930486?scaleControl=true&#038;miniMap=false&#038;scrollWheelZoom=true&#038;zoomControl=true&#038;allowEdit=false&#038;moreControl=true&#038;searchControl=true&#038;tilelayersControl=true&#038;embedControl=true&#038;datalayersControl=true&#038;onLoadPanel=undefined&#038;captionBar=false&#038;captionMenus=true&#038;fullscreenControl=true&#038;locateControl=true&#038;measureControl=true\"><\/iframe><\/p>\n<p><strong>Graveltouren (GTF) <\/strong><br \/>\nDie GTF wird <strong>nicht<\/strong> ausgeschildert und ist nach GPS-Daten zu fahren. Beschilderungen anderer Touren sind mit Ausnahme der Servicepunkte M\u00fcnzenberg und Staden zu ignorieren.<\/span><\/p>\n<p><strong>Gesamt\u00fcbersicht Graveltouren (GTF)<\/strong><br \/>\nGeht zur Einzeldarstellung der Strecken weiter, wenn Ihr Euch f\u00fcr eine entschieden habt.<br \/>\n<strong>Kartendarstellung<\/strong><br \/>\n<a href=\"http:\/\/umap.openstreetmap.fr\/de\/map\/rc03_ilbenstadt_rtf_9_2023-graveltouren_930491#12\/50.3756\/8.8326\" target=\"_blank\" rel=\"noopener\">RC03_Herbst-Gravel-Radtouren 2023 &#8211; Alle Strecken<br \/>(Vollbildanzeige)<\/a><br \/>\n<iframe loading=\"lazy\" width=\"200%\" height=\"300px\" frameborder=\"0\" allowfullscreen allow=\"geolocation\" src=\"\/\/umap.openstreetmap.fr\/de\/map\/rc03_ilbenstadt_rtf_9_2023-graveltouren_930491?scaleControl=true&#038;miniMap=false&#038;scrollWheelZoom=true&#038;zoomControl=true&#038;allowEdit=false&#038;moreControl=true&#038;searchControl=true&#038;tilelayersControl=true&#038;embedControl=true&#038;datalayersControl=true&#038;onLoadPanel=undefined&#038;captionBar=false&#038;captionMenus=true&#038;fullscreenControl=true&#038;locateControl=true&#038;measureControl=true\"><\/iframe><\/p>\n<p><strong>51-Kilometer-Graveltour<\/strong><br \/>\n<strong>Streckendownload f\u00fcr Navigationsger\u00e4te:<\/strong><br \/>\n<a href=\"https:\/\/rc03-ilbenstadt.de\/GPX\/GPX-GTF\/RC03_Ilbenstadt_GTF_9_2023_51km_V2.gpx\" target=\"_blank\" rel=\"noopener noreferrer\"> Graveltour (GTF) 51 Kilometer\/523 Hm<\/a><br \/>\n<strong>Kartendarstellung<\/strong><br \/>\n<a href=\"http:\/\/umap.openstreetmap.fr\/de\/map\/rc03_ilbenstadt_rtf_9_2023-graveltour_51km_932183\" target=\"_blank\" rel=\"noopener\">Herbst-GTF 2023 &#8211; Graveltour 51 Kilometer\/523 H\u00f6henmeter<br \/>(Vollbildanzeige)<\/a><br \/>\n<iframe loading=\"lazy\" width=\"200%\" height=\"300px\" frameborder=\"0\" allowfullscreen allow=\"geolocation\" src=\"\/\/umap.openstreetmap.fr\/de\/map\/rc03_ilbenstadt_rtf_9_2023-graveltour_51km_932183?scaleControl=true&#038;miniMap=false&#038;scrollWheelZoom=true&#038;zoomControl=true&#038;allowEdit=false&#038;moreControl=true&#038;searchControl=true&#038;tilelayersControl=true&#038;embedControl=true&#038;datalayersControl=true&#038;onLoadPanel=undefined&#038;captionBar=false&#038;captionMenus=true&#038;fullscreenControl=true&#038;locateControl=true&#038;measureControl=true\"><\/iframe><\/p>\n<p><strong>82-Kilometer-Graveltour<\/strong><br \/>\n<strong>Streckendownload f\u00fcr Navigationsger\u00e4te:<\/strong><br \/>\n<a href=\"https:\/\/rc03-ilbenstadt.de\/GPX\/GPX-GTF\/ RC03_Ilbenstadt_GTF_9_2023_82km_V2a.gpx\" target=\"_blank\" rel=\"noopener noreferrer\"> Graveltour (GTF) 82 Kilometer\/842 Hm<\/a><br \/>\n<strong>Kartendarstellung<\/strong><br \/>\n<a href=\"http:\/\/umap.openstreetmap.fr\/de\/map\/rc03_ilbenstadt_rtf_9_2023-82km_graveltour_932186\" target=\"_blank\" rel=\"noopener\">Herbst-GTF 2023 &#8211; Graveltour 82 Kilometer\/842 H\u00f6henmeter<br \/>(Vollbildanzeige)<\/a><br \/>\n<iframe loading=\"lazy\" width=\"200%\" height=\"300px\" frameborder=\"0\" allowfullscreen allow=\"geolocation\" src=\"\/\/umap.openstreetmap.fr\/de\/map\/rc03_ilbenstadt_rtf_9_2023-82km_graveltour_932186?scaleControl=true&#038;miniMap=false&#038;scrollWheelZoom=true&#038;zoomControl=true&#038;allowEdit=false&#038;moreControl=true&#038;searchControl=true&#038;tilelayersControl=true&#038;embedControl=true&#038;datalayersControl=true&#038;onLoadPanel=undefined&#038;captionBar=false&#038;captionMenus=true&#038;fullscreenControl=true&#038;locateControl=true&#038;measureControl=true\"><\/iframe><\/p>\n","protected":false},"excerpt":{"rendered":"<p>Eine Landschaft im best\u00e4ndigen Wandel. Die Wetterau und der Vogelsberg bewegen sich im Wechsel der Jahreszeiten und zeigen uns, was die Stunde geschlagen hat. Das stimmt wohl, doch die aufkommende Klimaver\u00e4nderung w\u00fcrde uns die jahreszeitliche Einordnung schwer machen, h\u00e4tten wir &hellip; <a href=\"https:\/\/www.rc03-ilbenstadt.de\/?page_id=11657\">Weiterlesen <span class=\"meta-nav\">&rarr;<\/span><\/a><\/p>\n","protected":false},"author":9,"featured_media":0,"parent":11598,"menu_order":1,"comment_status":"closed","ping_status":"closed","template":"","meta":{"_crdt_document":"","footnotes":""},"class_list":["post-11657","page","type-page","status-publish","hentry"],"_links":{"self":[{"href":"https:\/\/www.rc03-ilbenstadt.de\/index.php?rest_route=\/wp\/v2\/pages\/11657","targetHints":{"allow":["GET"]}}],"collection":[{"href":"https:\/\/www.rc03-ilbenstadt.de\/index.php?rest_route=\/wp\/v2\/pages"}],"about":[{"href":"https:\/\/www.rc03-ilbenstadt.de\/index.php?rest_route=\/wp\/v2\/types\/page"}],"author":[{"embeddable":true,"href":"https:\/\/www.rc03-ilbenstadt.de\/index.php?rest_route=\/wp\/v2\/users\/9"}],"replies":[{"embeddable":true,"href":"https:\/\/www.rc03-ilbenstadt.de\/index.php?rest_route=%2Fwp%2Fv2%2Fcomments&post=11657"}],"version-history":[{"count":5,"href":"https:\/\/www.rc03-ilbenstadt.de\/index.php?rest_route=\/wp\/v2\/pages\/11657\/revisions"}],"predecessor-version":[{"id":11779,"href":"https:\/\/www.rc03-ilbenstadt.de\/index.php?rest_route=\/wp\/v2\/pages\/11657\/revisions\/11779"}],"up":[{"embeddable":true,"href":"https:\/\/www.rc03-ilbenstadt.de\/index.php?rest_route=\/wp\/v2\/pages\/11598"}],"wp:attachment":[{"href":"https:\/\/www.rc03-ilbenstadt.de\/index.php?rest_route=%2Fwp%2Fv2%2Fmedia&parent=11657"}],"curies":[{"name":"wp","href":"https:\/\/api.w.org\/{rel}","templated":true}]}}