{"id":8155,"date":"2020-01-28T12:03:36","date_gmt":"2020-01-28T11:03:36","guid":{"rendered":"https:\/\/www.rc03-ilbenstadt.de\/?page_id=8155"},"modified":"2022-12-01T18:51:11","modified_gmt":"2022-12-01T17:51:11","slug":"fruehjahrs-rtf-2020-strecken","status":"publish","type":"page","link":"https:\/\/www.rc03-ilbenstadt.de\/?page_id=8155","title":{"rendered":"Fr\u00fchjahrs-RTF 2020 &#8211; Strecken"},"content":{"rendered":"<p><strong>43. Radtourenfahrt (RTF) &#8222;Rund um Ilbenstadt&#8220;<\/strong><br \/>\n<strong>am 22. M\u00e4rz 2020<\/strong><br \/>\nRadtourenkontrollfahrt Formel A<\/p>\n<p>Wir haben die Strecken in die sanfte H\u00fcgellandschaft der Wetterau eingebettet. Sie enthalten hier und da kleine Fitnesspr\u00fcfungen, so auf der 78- und der 116-Kilometertour zum Servicepunkt 3 beim Keltenf\u00fcrsten auf dem Glauberg. Wir w\u00fcnschen unseren Teilnehmern auf den Strecken in der erwachenden Natur mit dem ersten frischen Gr\u00fcn unvergessliche Eindr\u00fccke und eine unfallfreie Fahrt.<\/p>\n<p>Die Strecken befinden sich noch im beh\u00f6rdlichen Genehmigungsprozess und k\u00f6nnen aufgrund von Auflagen, Baustellen und anderen unvorhergesehenen Ereignissen noch variieren.<\/p>\n<p>\u00dcber das Quadrat am oberen linken Rand der jeweiligen Karte wird diese vergr\u00f6\u00dfert. Der Track selbst ist \u00fcber das Mouserad scrollbar. Beim Klick auf die Wegpunkte sind n\u00e4here Informationen zu den Servicepunkten erreichbar.<br \/>\nWir haben das Tourenportal gewechselt und bieten die Informationen auf dem Open-Source-Projekt uMap, einem Projekt von www.openstreetmap.fr an. Datenschutz-, Darstellungs- und Handhabungsprobleme, sowie \u00dcbersetzungsm\u00e4ngel waren Anlass zu diesem Schritt.<\/p>\n<p><strong>Zu den H\u00f6henmeterangaben nur soviel:<br \/>\nZwischen den Tourenportalen treten Differenzen bis zu 400 Hm bei gleicher Strecke auf &#8230;\u00a0 Wir haben uns f\u00fcr einen &#8222;mittleren&#8220; Wert entschieden.<\/strong><\/p>\n<p><strong>Unsere 116-Kilometerstrecke (Tour 1) <\/strong><strong>mit 1423 H\u00f6henmetern<br \/>\nZur <a href=\"http:\/\/u.osmfr.org\/m\/412293\/\" target=\"_blank\" rel=\"noopener noreferrer\">Vollbildanzeige<\/a><br \/>\n<\/strong><\/p>\n<p><iframe loading=\"lazy\" src=\"https:\/\/umap.openstreetmap.fr\/de\/map\/rc03_ilbenstadt-rtf_3_2020-116km_412293?scaleControl=false&amp;miniMap=false&amp;scrollWheelZoom=true&amp;zoomControl=true&amp;allowEdit=false&amp;moreControl=true&amp;searchControl=true&amp;tilelayersControl=null&amp;embedControl=null&amp;datalayersControl=true&amp;onLoadPanel=undefined&amp;captionBar=false&amp;datalayers=1143999%2C1144020&amp;fullscreenControl=true&amp;measureControl=true#11\/50.3473\/8.9389\" width=\"100%\" height=\"400px\" frameborder=\"0\" allowfullscreen=\"allowfullscreen\"><\/iframe><\/p>\n<p><strong>Unsere 78-Kilometerstrecke (Tour 2) <\/strong><strong>mit 830 H\u00f6henmetern<br \/>\nZur <a href=\"http:\/\/u.osmfr.org\/m\/412325\/\" target=\"_blank\" rel=\"noopener noreferrer\">Vollbildanzeige<\/a><br \/>\n<\/strong><\/p>\n<p><iframe loading=\"lazy\" src=\"https:\/\/umap.openstreetmap.fr\/de\/map\/rc03_ilbenstadt-rtf_3_2020-78km_412325?scaleControl=false&amp;miniMap=false&amp;scrollWheelZoom=true&amp;zoomControl=true&amp;allowEdit=false&amp;moreControl=true&amp;searchControl=true&amp;tilelayersControl=null&amp;embedControl=null&amp;datalayersControl=true&amp;onLoadPanel=undefined&amp;captionBar=false&amp;datalayers=1144053%2C1144054&amp;fullscreenControl=true&amp;measureControl=true#11\/50.3243\/8.9214\" width=\"100%\" height=\"400px\" frameborder=\"0\" allowfullscreen=\"allowfullscreen\"><\/iframe><\/p>\n<p><strong>Unsere 44-Kilometerstrecke (Tour 3) <\/strong><strong>mit 351 H\u00f6henmetern<br \/>\nZur <a href=\"http:\/\/u.osmfr.org\/m\/412337\/\" target=\"_blank\" rel=\"noopener noreferrer\">Vollbildanzeige<\/a><br \/>\n<\/strong><\/p>\n<p><iframe loading=\"lazy\" src=\"https:\/\/umap.openstreetmap.fr\/de\/map\/rc03_ilbenstadt-rtf_3_2020-44km_412337?scaleControl=false&amp;miniMap=false&amp;scrollWheelZoom=true&amp;zoomControl=true&amp;allowEdit=false&amp;moreControl=true&amp;searchControl=true&amp;tilelayersControl=null&amp;embedControl=null&amp;datalayersControl=true&amp;onLoadPanel=undefined&amp;captionBar=false&amp;datalayers=1144071%2C1144072&amp;fullscreenControl=true&amp;measureControl=true#12\/50.3478\/8.8138\" width=\"100%\" height=\"400px\" frameborder=\"0\" allowfullscreen=\"allowfullscreen\"><\/iframe><\/p>\n<p><strong>Gesamtdarstellung unserer Touren<br \/>\nZur <a href=\"http:\/\/u.osmfr.org\/m\/413989\/\" target=\"_blank\" rel=\"noopener noreferrer\">Vollbildanzeige<\/a><br \/>\n<\/strong><\/p>\n<p><iframe loading=\"lazy\" src=\"https:\/\/umap.openstreetmap.fr\/de\/map\/rc03_ilbenstadt-rtf_3_2020-gesamt_413989?scaleControl=false&amp;miniMap=false&amp;scrollWheelZoom=true&amp;zoomControl=true&amp;allowEdit=false&amp;moreControl=true&amp;searchControl=true&amp;tilelayersControl=null&amp;embedControl=null&amp;datalayersControl=true&amp;onLoadPanel=undefined&amp;captionBar=false&amp;datalayers=1149119%2C1149121%2C1149122%2C1149123%2C1149120&amp;fullscreenControl=true&amp;measureControl=true#11\/50.3514\/8.9312\" width=\"100%\" height=\"400px\" frameborder=\"0\" allowfullscreen=\"allowfullscreen\"><\/iframe><\/p>\n","protected":false},"excerpt":{"rendered":"<p>43. Radtourenfahrt (RTF) &#8222;Rund um Ilbenstadt&#8220; am 22. M\u00e4rz 2020 Radtourenkontrollfahrt Formel A Wir haben die Strecken in die sanfte H\u00fcgellandschaft der Wetterau eingebettet. Sie enthalten hier und da kleine Fitnesspr\u00fcfungen, so auf der 78- und der 116-Kilometertour zum Servicepunkt &hellip; <a href=\"https:\/\/www.rc03-ilbenstadt.de\/?page_id=8155\">Weiterlesen <span class=\"meta-nav\">&rarr;<\/span><\/a><\/p>\n","protected":false},"author":9,"featured_media":0,"parent":0,"menu_order":0,"comment_status":"closed","ping_status":"closed","template":"","meta":{"_crdt_document":"","footnotes":""},"class_list":["post-8155","page","type-page","status-publish","hentry"],"_links":{"self":[{"href":"https:\/\/www.rc03-ilbenstadt.de\/index.php?rest_route=\/wp\/v2\/pages\/8155","targetHints":{"allow":["GET"]}}],"collection":[{"href":"https:\/\/www.rc03-ilbenstadt.de\/index.php?rest_route=\/wp\/v2\/pages"}],"about":[{"href":"https:\/\/www.rc03-ilbenstadt.de\/index.php?rest_route=\/wp\/v2\/types\/page"}],"author":[{"embeddable":true,"href":"https:\/\/www.rc03-ilbenstadt.de\/index.php?rest_route=\/wp\/v2\/users\/9"}],"replies":[{"embeddable":true,"href":"https:\/\/www.rc03-ilbenstadt.de\/index.php?rest_route=%2Fwp%2Fv2%2Fcomments&post=8155"}],"version-history":[{"count":5,"href":"https:\/\/www.rc03-ilbenstadt.de\/index.php?rest_route=\/wp\/v2\/pages\/8155\/revisions"}],"predecessor-version":[{"id":8295,"href":"https:\/\/www.rc03-ilbenstadt.de\/index.php?rest_route=\/wp\/v2\/pages\/8155\/revisions\/8295"}],"wp:attachment":[{"href":"https:\/\/www.rc03-ilbenstadt.de\/index.php?rest_route=%2Fwp%2Fv2%2Fmedia&parent=8155"}],"curies":[{"name":"wp","href":"https:\/\/api.w.org\/{rel}","templated":true}]}}