{"id":8186,"date":"2020-01-28T15:27:29","date_gmt":"2020-01-28T14:27:29","guid":{"rendered":"https:\/\/www.rc03-ilbenstadt.de\/?page_id=8186"},"modified":"2020-04-01T09:39:05","modified_gmt":"2020-04-01T07:39:05","slug":"8186-2","status":"publish","type":"page","link":"https:\/\/www.rc03-ilbenstadt.de\/?page_id=8186","title":{"rendered":"4. Fr\u00fchjahrs-CTF 2020"},"content":{"rendered":"<p><span style=\"color: #ff0000;\"><strong>Die Veranstaltung ist wegen der Coronaviruskrise abgesagt.<\/strong><\/span><\/p>\n<p>Die <strong>&#8222;Wetterauer \u00c4cker- und W\u00e4ldertour&#8220;<\/strong>, eine Fr\u00fchjahrstour zum Naturerwachen in der H\u00fcgellandschaft der Wetterau.<\/p>\n<p>Die Strecken k\u00f6nnen noch variieren; die Genehmigung der Stra\u00dfenverkehrsbeh\u00f6rde steht noch aus.<\/p>\n<table class=\" aligncenter\">\n<tbody>\n<tr>\n<td style=\"text-align: center; vertical-align: middle;\" scope=\"col\"><a href=\"https:\/\/www.rc03-ilbenstadt.de\/wp-content\/uploads\/2017\/01\/Button-Jetzt_Anmelden-Fotolia_91018992_S_KC.jpg\" target=\"_blank\"  rel=\"lightbox[8186] noopener noreferrer\"><img loading=\"lazy\" decoding=\"async\" class=\"aligncenter wp-image-5187 size-thumbnail\" src=\"https:\/\/www.rc03-ilbenstadt.de\/wp-content\/uploads\/2017\/01\/Button-Jetzt_Anmelden-Fotolia_91018992_S_KC-150x150.jpg\" alt=\"\" width=\"150\" height=\"150\" \/><\/a><\/td>\n<td><strong>Die Onlineanmeldung \u00fcber scan&amp;bike bereits aktiv. Probiere den Anmeldebutton und sichere Dir einen Startgeldvorteil von einem EURO.<br \/>\nNehme damit automatisch an der Mannschaftmeldung Deines Vereines\/Deiner Gruppe teil.<\/strong><br \/>\nKurz zum Procedere:<br \/>\nNach der Onlineanmeldung erh\u00e4ltst Du eine Best\u00e4tigungsmail und zeitnah zur RTF\/CTF einen QR-Code, mit dessen Ausdruck Du ohne weitere Verz\u00f6gerung an Start und Ziel Startkarte und &#8211; falls erforderlich &#8211; Deine R\u00fcckennummer erh\u00e4ltst.<br \/>\n<strong>Wir freuen uns auf Dich!<\/strong><\/td>\n<\/tr>\n<tr>\n<td>Start:<\/td>\n<td><strong>Sonntag, den 22. M\u00e4rz 2020, 08.00 Uhr \u2013 10:00 Uhr<\/strong><\/td>\n<\/tr>\n<tr>\n<td>Startort:<\/td>\n<td><strong>Turnhalle Ilbenstadt (Sportplatz)<br \/>\nSchulstra\u00dfe 1, 61194 Niddatal-Ilbenstadt<\/strong><\/td>\n<\/tr>\n<tr>\n<td>Strecken:<\/td>\n<td><strong>37 km, 56 km und 71 km k\u00f6nnen bew\u00e4ltigt werden<\/strong><\/td>\n<\/tr>\n<tr>\n<td>Auszeichnungen:<\/td>\n<td><strong>Bis 3 Auszeichnungen f\u00fcr die gr\u00f6\u00dften BDR-Mannschaften<br \/>\nBis 3 Auszeichnungen f\u00fcr die gr\u00f6\u00dften Privatmannschaften<\/strong><\/td>\n<\/tr>\n<tr>\n<td>Unsere Strecken<br \/>\nim Internet<\/td>\n<td>Wir stellen unsere Strecken auf dem freien Onlinetool uMap (https:\/\/www.umap\/openstreetmap\/fr\/de) zur Verf\u00fcgung.<br \/>\nHier geht es zur unserer <a href=\"https:\/\/www.rc03-ilbenstadt.de\/?page_id=8207\" target=\"_blank\" rel=\"noopener noreferrer\"><strong>Karten\u00fcbersicht<\/strong><\/a><\/td>\n<\/tr>\n<tr>\n<td>Streckenpl\u00e4ne<\/td>\n<td><strong>Noch nicht eingestellt<\/strong><\/td>\n<\/tr>\n<tr>\n<td>GPX-Dateien<br \/>\ndirekt zum Download<\/td>\n<td><strong><a href=\"https:\/\/rc03-ilbenstadt.de\/GPX\/GPX-CTF\/RC03-CTF-3_2020-37km.gpx\"> 37-Kilometer-Strecke<\/a><br \/>\n<a href=\"https:\/\/rc03-ilbenstadt.de\/GPX\/GPX-CTF\/RC03-CTF-3_2020-56km.gpx\" target=\"_blank\" rel=\"noopener noreferrer\">56-Kilometer-Strecke<\/a><br \/>\n<a href=\"https:\/\/rc03-ilbenstadt.de\/GPX\/GPX-CTF\/RC03-CTF-3_2020-71km.gpx\" target=\"_blank\" rel=\"noopener noreferrer\">71-Kilometer-Strecke<\/a><\/strong><\/td>\n<\/tr>\n<tr>\n<td>Teilnahmebedingungen:<\/td>\n<td><a href=\"https:\/\/www.rc03-ilbenstadt.de\/?page_id=8216\" target=\"_blank\" rel=\"noopener noreferrer\"><strong>Bitte hier klicken \u2026<\/strong><\/a><\/td>\n<\/tr>\n<tr>\n<td>Flyer zur Fr\u00fchjahrs-CTF:<\/td>\n<td><a href=\"https:\/\/rc03-ilbenstadt.de\/RC03-DOC\/2020-Fr\u00fchjahrs-CTF-Flyer-001.pdf\" target=\"_blank\" rel=\"noopener noreferrer\"><strong>Download<\/strong><\/a><\/td>\n<\/tr>\n<\/tbody>\n<\/table>\n<p><strong>Tourenkontrollfahrt f\u00fcr das Deutsche Radsportabzeichen!<\/strong><br \/>\nWenn Du das Deutsche Radsportabzeichen (DRA) erwerben m\u00f6chten und dich am Start meldest, k\u00f6nnen wir Dir die gefahrene Zeit bescheinigen. Du kannst im Laufe des Jahres 2020 f\u00fcr das Radsportabzeichen auch beim RC03-Ilbenstadt trainieren. Unsere Pr\u00fcfer werden Deine Leistung abnehmen.<br \/>\nN\u00e4here Informationen zum DRA bekommst Du beim RC 03 Ilbenstadt oder\/und auf den Seiten des Bundes Deutscher Radfahrer.<\/p>\n","protected":false},"excerpt":{"rendered":"<p>Die Veranstaltung ist wegen der Coronaviruskrise abgesagt. Die &#8222;Wetterauer \u00c4cker- und W\u00e4ldertour&#8220;, eine Fr\u00fchjahrstour zum Naturerwachen in der H\u00fcgellandschaft der Wetterau. Die Strecken k\u00f6nnen noch variieren; die Genehmigung der Stra\u00dfenverkehrsbeh\u00f6rde steht noch aus. Die Onlineanmeldung \u00fcber scan&amp;bike bereits aktiv. Probiere &hellip; <a href=\"https:\/\/www.rc03-ilbenstadt.de\/?page_id=8186\">Weiterlesen <span class=\"meta-nav\">&rarr;<\/span><\/a><\/p>\n","protected":false},"author":9,"featured_media":0,"parent":133,"menu_order":1,"comment_status":"closed","ping_status":"closed","template":"","meta":{"_crdt_document":"","footnotes":""},"class_list":["post-8186","page","type-page","status-publish","hentry"],"_links":{"self":[{"href":"https:\/\/www.rc03-ilbenstadt.de\/index.php?rest_route=\/wp\/v2\/pages\/8186","targetHints":{"allow":["GET"]}}],"collection":[{"href":"https:\/\/www.rc03-ilbenstadt.de\/index.php?rest_route=\/wp\/v2\/pages"}],"about":[{"href":"https:\/\/www.rc03-ilbenstadt.de\/index.php?rest_route=\/wp\/v2\/types\/page"}],"author":[{"embeddable":true,"href":"https:\/\/www.rc03-ilbenstadt.de\/index.php?rest_route=\/wp\/v2\/users\/9"}],"replies":[{"embeddable":true,"href":"https:\/\/www.rc03-ilbenstadt.de\/index.php?rest_route=%2Fwp%2Fv2%2Fcomments&post=8186"}],"version-history":[{"count":5,"href":"https:\/\/www.rc03-ilbenstadt.de\/index.php?rest_route=\/wp\/v2\/pages\/8186\/revisions"}],"predecessor-version":[{"id":8362,"href":"https:\/\/www.rc03-ilbenstadt.de\/index.php?rest_route=\/wp\/v2\/pages\/8186\/revisions\/8362"}],"up":[{"embeddable":true,"href":"https:\/\/www.rc03-ilbenstadt.de\/index.php?rest_route=\/wp\/v2\/pages\/133"}],"wp:attachment":[{"href":"https:\/\/www.rc03-ilbenstadt.de\/index.php?rest_route=%2Fwp%2Fv2%2Fmedia&parent=8186"}],"curies":[{"name":"wp","href":"https:\/\/api.w.org\/{rel}","templated":true}]}}