{"id":9416,"date":"2021-05-30T10:22:32","date_gmt":"2021-05-30T08:22:32","guid":{"rendered":"https:\/\/www.rc03-ilbenstadt.de\/?page_id=9416"},"modified":"2022-03-18T06:23:57","modified_gmt":"2022-03-18T05:23:57","slug":"rtf-ctf-und-radwandern-2021hygiene-und-abstandsregelncorona-update-vom-29-mai-2021","status":"publish","type":"page","link":"https:\/\/www.rc03-ilbenstadt.de\/?page_id=9416","title":{"rendered":"RTF\/CTF und Radwandern 2021<br>Hygiene- und Abstandsregeln<br><br>Corona-Update vom 16. September 2021<br><br>"},"content":{"rendered":"<p><strong><span style=\"color: #ff0000;\">ACHTUNG &#8211; Artikel teilweise nicht aktuell. Er wird \u00fcberarbeitet.<br \/>\nDie Regeln zu Gruppenfahrten halten wir grunds\u00e4tzlich aufrecht.<\/span><\/strong><\/p>\n<p><strong><span style=\"color: #ff0000;\">Fahrt ins &#8222;Corona-Delta &#8211; Ein H\u00f6llenritt oder eine Achterbahnfahrt?<\/span><\/strong><\/p>\n<p><strong><a id=\"Vorbemerkungen\"><\/a>Vorbemerkungen<\/strong><\/p>\n<p>Durch das rapide Sinken der Inzidenzwerte war nach mehreren Monaten der Einschr\u00e4nkung des \u00f6ffentlichen Lebens und der damit einhergehenden faktischen Einstellung unseres Vereinslebens &#8211; sieht man von dem individuellen Sport unserer Mitglieder auch im Rahmen der coronabedingt modifizierten Vereinsmeisterschaft ab &#8211; Silberstreifen am Horizont zu sehen.  Die R\u00fccknahme vieler Einschr\u00e4nkungen im \u00f6ffentlichen Leben schlugen sich positiv nieder. Leider wurde auch vielmals die n\u00f6tige Vorsicht \u00fcber Bord geworfen, was sich in den beginnenden Herbstmonaten mit drastischen Anstiegen in den Inzidenzen niedergeschlagen hat.  Die Mehrzahl der hessischen St\u00e4dte und Kreise lag Anfang September jenseits der 100er-Inzidenz die Stufe 4 im Hessischen Pr\u00e4ventions- und Eskalationskonzept wurde gez\u00fcndet; Kontaktbeschr\u00e4nkungen, Teilnehmerbeschr\u00e4nkungen bei Veranstaltungen und in weiten Teilen Zugangsbeschr\u00e4nkungen f\u00fcr ungeimpfte\/ungeteste Mitb\u00fcrgerinnen und Mitb\u00fcrger waren die Folge. Auch der Wetteraukreis hat die Inhalte der Stufe 4 des Hessischen Eskalationskonzeptes in eine Allgemeinverf\u00fcgung gegassen, verzichtete aber auf die Kontaktbeschr\u00e4nkungsregel (10 Personen aus verschiedenen Haushalten &#8230;).<br \/>\nDies hat unmittelbare Auswirkungen auf das Vereinsleben. W\u00e4hrend bei RTF und CTF der Zugang auf die 3G-Regel, also f\u00fcr Geimpfte, Genesene und Getestete von der Veranstaltungsgr\u00f6\u00dfe (> 25 Personen) obligatorisch ist, k\u00f6nnten bei Gruppengr\u00f6\u00dfen unterhalb dieser Grenze auch ungeimpfte\/ungeteste Teilnehmer dabei sein. Wollen wir das? Sollten wir uns an der 3G- oder gar der 2G-Regel orientieren? <\/p>\n<p><strong><span style=\"color: #ff0000;\">Nein!, die Entscheidung ist gefallen. Zur Teilnahme an Radtouren des RC 03 Ilbenstadt ist ab sofort nur der Personenkreis nach der 3G-Regel (Geimpft\/Genesen\/Getestet) zugelassen. Damit gehen wir bewusst \u00fcber die Regelung der Corona-Schutzverordnung hinaus, die bei Freiluftveranstaltungen auch Ungeimpfte ungetestet zur Teilnahme an Veranstaltungen zul\u00e4sst. Mit der 3G-Regel minimieren wir unser Risiko. <\/span><\/strong><br \/>\nSelbst Tests garantieren keine 100 %ige Sicherheit, selbst Geimpfte kommen, wenn auch mit sehr geringem Risiko, zur Weitergabe einer relevanten Virenlast in Frage. Impfdurchbr\u00fcche werden berichtet und sind auch in unserem n\u00e4heren Umfeld best\u00e4tigt.  <\/p>\n<p>Es ist nicht einfacher geworden. Die Delta-Variante des SARS-CoV2-Coronavirus hat gegen\u00fcber des Wildtyps des Virus eine 300 mal h\u00f6here Virenlast und ist laut einer koreanischen Studie damit etwa um das doppelte ansteckender. Dies gilt insbesondere in R\u00e4umen, aber auch im Freien, wenn die Mindestabst\u00e4nde nicht eingehalten werden. <\/p>\n<p>Beherzigt die AHA+L Regel (Abstand halten\/Hygiene\/Alltagsmaske plus L\u00fcften.<br \/>\nSetzt auf den FFP2-Standard ohne Ausatemventil. Dieser Maskentyp sch\u00fctzt <strong>Euch<\/strong> und andere. Die medizinische Maske (OP-Maske) ist auf den Fremdschutz ausgerichtet.<\/p>\n<p><strong>Bleibt gesund, seid vorsichtig und weiterhin viel Vergn\u00fcgen auf dem Rad.<\/strong><\/p>\n<p>Wilhelm Schr\u00f6der<br \/>\nFachbereichsleiter \u00d6ffentlichkeitsarbeit und Sport (RTF\/CTF)<\/p>\n<p><strong>Regelwerk<\/strong><\/p>\n<ul>\n<li><a href=\"https:\/\/rc03-ilbenstadt.de\/CORONA2021\/HE_CoSchuV-210916.pdf\" target=\"_blank\" rel=\"noopener\">Hessische Coronavirus-Schutzverordnung (CoSchuV), Stand 16.09.2021<\/a>\n\t<\/li>\n<li><a href=\"https:\/\/rc03-ilbenstadt.de\/CORONA2021\/HE_CoSchuV-210916-Auslegungshinweise.pdf\" target=\"_blank\" rel=\"noopener\">CoSchuV mit Auslegungshinweisen, Stand 16.09.2021<\/a>\n\t<\/li>\n<li><a href=\"https:\/\/rc03-ilbenstadt.de\/CORONA2021\/HE_CoSchuV-210916-Zusammenk\u00fcnfte_WK.pdf\" target=\"_blank\" rel=\"noopener\">Zusammenk\u00fcnfte &#8211; Hinweise des Wetteraukreises<\/a>\n\t<\/li>\n<li><a href=\"https:\/\/rc03-ilbenstadt.de\/CORONA2021\/HE-Corona-210916-Schutzstufenkonzept.pdf\" target=\"_blank\" rel=\"noopener\">Hessisches Schutzstufenkonzept, Stand 21.09.16<\/a>\n\t<\/li>\n<li><a href=\"https:\/\/rc03-ilbenstadt.de\/CORONA2021\/DOSB_210514-Leitplanken_NEU.pdf\" target=\"_blank\" rel=\"noopener\">Leitplanken des DOSB vom 14.05.2021<\/a><\/li>\n<li><a href=\"https:\/\/rc03-ilbenstadt.de\/CORONA2021\/BDR_200513-Hygienekonzept_\u00dcbergangsregeln_Breitensport.pdf\" target=\"_blank\" rel=\"noopener\">\u00dcbergangsregeln des BDR f\u00fcr den Breitensport vom 13.05.2020<\/a><\/li>\n<\/ul>\n<p><strong>Anmerkungen<\/strong><\/p>\n<ul>\n<li>Die Coronavirus Schutzverordnung setzt auf weniger strenge Einschr\u00e4nkungen und apelliert an die Verantwortung des Einzelnen.<br \/>\nGrundregel (\u00a7 1 CoSchuV)<br \/>\nJede Person ist angehalten, sich so zu verhalten, dass sie sich und andere keinen vermeidbaren Infektionsgefahren aussetzt. Bei pers\u00f6nlichen Begegnungen, insbesondere mit Menschen, f\u00fcr die bei einer Infektion mit dem SARS-CoV-2-Virus ein erh\u00f6htes Risiko f\u00fcr einen schweren Krankheitsverlauf besteht, ist besondere Vorsicht walten zu lassen.<\/li>\n<li>Erg\u00e4nzt wird die CoSchuV durch das 2-stufige Schutzstufenkonzept, das Hospitalisierungsquote und Intensivbettenbelegung in den Mittelpunkt r\u00fcckt. Konkrete Ma\u00dfnahmen muss die Landesregierung noch beschlie\u00dfen.<\/li>\n<li>Die Regelungsinhalte der Verb\u00e4nde gehen hinter den Landesvorschriften &#8222;unter&#8220;, da sie lediglich eine Klammer zu dem Regelungsflickenteppich auf Bundes- und Landesebene sein k\u00f6nnen.<br \/>\nPositiv sind die Hilfestellungen des Landessportbundes Hessen, die auf konkrete Fragen der Vereine eingehen.<\/li>\n<\/ul>\n<p>Daneben greifen noch eine Vielzahl von Einzelregelungen und Empfehlungen, auf deren Darstellung zur Bewahrung der \u00dcbersichtlichkeit verzichtet wird. In der Hauptsache entfalten sie ihre Wirkung ohnehin bei der Organisation und Durchf\u00fchrung unserer Breitenradsportveranstaltungen RTF und CTF.<\/p>\n<p>Speziell auf RTF und CTF ist das <a href=\"https:\/\/rc03-ilbenstadt.de\/RC03-DOC\/RC03-RTF_9_2021-Hygienekonzept-NEU.pdf\" target=\"_blank\" rel=\"noopener\">Hygienekonzept<\/a> des RC 03 Ilbenstadt zugeschnitten. Zu den Abstandsregeln verweist diese vereinsinterne Richtlinie auf die folgenden Hinweise.<\/p>\n<p><strong>F\u00fcr Gruppenfahrten ergibt sich daraus folgendes:<\/strong><\/p>\n<ul>\n<li><strong>KEINE Teilnahme <\/strong>bei offensichtlichen Krankheitszeichen, wie Husten, Schnupfen, Fieber, grippe\u00e4hnlichen Symptomen.<br \/>\nUnerheblich ist, ob dies tats\u00e4chlich Zeichen f\u00fcr eine COVID-19-Erkrankung sind; der Anschein gen\u00fcgt.<\/li>\n<li>Teilnahme an radsportlichen AAktivit\u00e4ten nur f\u00fcr Geimpfte, Genesene und Getestete (3G-Regel) <\/li>\n<li>Impf-, Genesene- und Testnachweise nachweise sind dem Sportgruppenleiter vorzuzeigen.<\/li>\n<li>Gruppeneinteilung und Startfreigabe nur durch die Leiterin\/den Leiter der Sportgruppe.<\/li>\n<li>Falls zwei oder mehr Sportgruppen gebildet werden, wird neben den Abstandsregeln auch das Vermischungsverbot dringend empfohlen.<br \/>\n\tDas Erfordernis zur Gruppenbildung ergibt sich aus der  Gruppengr\u00f6\u00dfe oder folgt einer sachgerechten Entscheidung des Gruppenleiters (&#8230; \u00a7 1 CoSchuV).<\/li>\n<li>Die Leiterin\/der Leiter der Sportgruppe f\u00fchrt den Teilnehmernachweis mit Namen, Anschrift und Telefonnummer der Gruppenmitglieder.<br \/>\nDer Nachweis dient der Nachverfolgung von Infektionen. Er wird nach Ablauf eines Monats nach der Veranstaltung datenschutzkonform vernichtet, wenn er nicht zu Vereinszwecken weiterhin ben\u00f6tigt wird (Leistungsnachweis\/Vereinsmeisterschaft). Es gelten die Vorschriften der Corona-Schutzverordnung (CoSchuV) und der DGSVO.<br \/>\nEine Nutzung der Corona-Warn-App ist optional.<\/li>\n<li>Risikogruppenangeh\u00f6rige werden nach bestem Wissen w\u00e4hrend der Sportaus\u00fcbung gesch\u00fctzt. Sie sind jedoch vor Aufnahme in eine der Sportgruppen \u00fcber die nicht auszuschlie\u00dfenden Risiken w\u00e4hrend der Sportaus\u00fcbung aufzukl\u00e4ren!<br \/>\n\t<\/p>\n<details>\n<summary><span style=\"color: #3366ff;\">Zus\u00e4tzliche Infos einblenden: &#8222;Risikogruppe&#8220;<\/span><\/summary>\n<p>Dazu z\u00e4hlen alle ab dem 50. Lebensjahr. Jedes Lebensjahrzehnt mehr, erh\u00f6ht das Risiko, dass eine COVID-19-Erkrankung einen schweren Verlauf nimmt. Auch Vorerkrankungen am Herzkreislaufsystem, Lungen-, Leber- und Krebserkrankungen sowie jede andere Krankheit, die das Immunsystem schw\u00e4cht, sind risikobehaftet. Dies ist alles auf der Seite des<br \/>\n<a href=\"https:\/\/www.rki.de\/DE\/Content\/InfAZ\/N\/Neuartiges_Coronavirus\/Steckbrief.html;jsessionid=1765DDDBECEF42D744A97CB5E968291F.internet092?nn=13490888#doc13776792bodyText15\" target=\"_blank\" rel=\"noopener\">Robert-Koch-Institutes<\/a> nachzulesen.<\/p>\n<p>Wenn Ihr Euch f\u00fcr die Radwanderung oder eine Radtourenfahrt entscheidet, freuen wir uns, haben aber auch Verst\u00e4ndnis, wenn Ihr die Tour alleine unter die R\u00e4der nehmt. Gerne unterst\u00fctzen wir Euch bei Vorbereitung und Durchf\u00fchrung.<\/p>\n<\/details>\n<\/li>\n<li>Eine medizinische Maske (OP-Maske), besser eine FFP 2-Maske ohne Ausatemventil (auch KN 95 oder N95) ist mitzuf\u00fchren.<br \/>\nEs besteht w\u00e4hrend der Sportaus\u00fcbung keine Tragepflicht. Kann im Einzelfall w\u00e4hrend der Sportaus\u00fcbung ein kurzzeitiger Kontakt zu fremden Gruppen oder Einzelpersonen nicht unter Einhaltung des Mindestabstandes eingehalten werden oder ein geplanter\/ungeplanter Aufenthalt in Bereichen mit Maskentragepflicht steht an, muss der pers\u00f6nliche Eigen- und Fremdschutz einsetzbar sein.<\/li>\n<li>Auf der Fahrt sind die Nies- und Schn\u00e4uzregeln besonders zu beachten.<br \/>\nIm Ereignisfall ist entweder ein Taschentuch einzusetzen oder der Gruppenverband ist zu verlassen (Windrichtung beachten!). F\u00e4llt dadurch ein Gruppenmitglied zur\u00fcck, muss, falls nicht die Umst\u00e4nde den Gruppenplatz erhalten (kurze Zeitspanne, g\u00fcnstige Windrichtung) die letzte Gruppenposition eingenommen werden.<\/li>\n<li><strong>Aufhebung des <\/strong><a id=\"Abstandsgebotes\"><\/a><strong>Abstandsgebotes unter Vermeidung des K\u00f6rperkontaktes <span style=\"color: #ff0000;\">innerhalb<\/span> der Sportgruppe nach deren Etablierung.<\/strong><br \/>\nDie Gruppenmitglieder entscheiden frei, wie sie ihren pers\u00f6nlichen Sicherheitsabstand <strong>innerhalb<\/strong> ihrer Sportgruppe einrichten. Gr\u00f6\u00dfere Abst\u00e4nde und versetztes Fahren dienen auch der Unfallpr\u00e4vention.<\/li>\n<\/ul>\n<p><strong>Empfohlene Abstandsregeln<span style=\"color: #ff0000;\"> zu anderen<\/span> Sportgruppen oder Individualsportlern (L\u00e4ufer\/Radfahrer):<\/strong><\/p>\n<ul>\n<li>Kurzzeitiges \u00dcberholen unter Vernachl\u00e4ssigung des Mindestabstandes ist in der Regel gefahrlos m\u00f6glich, da nur eine geringe Virenlast \u00fcbertragen werden kann.<\/li>\n<li>Windschattenfahren ist formations- und wechselunabh\u00e4ngig verboten.<br \/>\nBeim sportlichen Radfahren sind die Abst\u00e4nde untereinander sehr gering, insbesondere bei Formationen unter Seitenwind. Die Dauer der Sportaus\u00fcbung l\u00e4sst bef\u00fcrchten, dass bei Anwesenheit eines Infizierten in der Gruppe eine Infektion zwangsl\u00e4ufige Folge ist.<\/li>\n<li>Undifferenzierte Aussagen von Aerosolforschern in der \u00d6ffentlichkeit, dass Gefahren in geschlossenen R\u00e4umen stecken und eine Infektion unter freiem Himmel regelm\u00e4\u00dfig ausgeschlossen ist, tragen den spezifischen Bedingungen des Radsportes keine Rechnung.<br \/>\nTr\u00f6pcheninfektionen in Menschenansammlungen und auch in kleineren (Sport-) Gruppen sind wahrscheinlich, wenn Mindestabst\u00e4nde nicht eingehalten werden. Bei verst\u00e4ndigem Lesen des <a href=\"https:\/\/rc03-ilbenstadt.de\/CORONA2021\/Aerosole-GAeF_Aerosolwissenschaftler_Positionspapier_210411.pdf\" target=\"_blank\" rel=\"noopener\">Positionspapieres der Gesellschaft f\u00fcr Aerosolforschung (GAeF)<\/a> erschlie\u00dft sich dies, auch die Arbeit Prof. Dr. Bert Blockens (siehe unten) zum Verhalten der Aerosole (Absinken &#8230;) wird best\u00e4tigt.<br \/>\nDifferenzierte Aussagen der Aerosolforschenden in den Medien h\u00e4tten sich auch in einem problembewussten Verhalten von Sportgruppen, insbesondere von L\u00e4ufern und Radsportlern, niedergeschlagen. So endete die Wahrnehmung h\u00e4ufig bei der Feststellung: Im Freien besteht keine Infektionsgefahr &#8230;<\/li>\n<details>\n<summary><span style=\"color: #3366ff;\">\u00d6ffentlichkeitsarbeit der Deutschen Gesellschaft f\u00fcr Aerosolforschung (GAeF) einblenden<\/span><\/summary>\n<ul>\n<li>Nach Ver\u00f6ffentlichung des offenen Briefes der Aerosolforscher an die Bundeskanzlerin und andere tritt Prof. Dr. Gerhard Scheuch regelm\u00e4\u00dfig als Sprachrohr der Gesellschaft f\u00fcr Aerosolforscher auf und geht nur selten auf das Restrisiko einer Ansteckung im Freien ein. Die nachfolgenden Interviews sind mithin schon als Ausnahmef\u00e4lle anzusehen.<\/li>\n<li>Interview mit dem Aerosolforscher &#8218;Dr. Scheuch am 12.04.2021 auf www.hessenschau.de<\/li>\n<p>&#8222;Scheuch: Ich glaube, die Politik hat wirklich noch nicht ganz verstanden, wie Aerosol\u00fcbertragungen stattfinden. Die finden dadurch statt, dass sich eine Aerosolwolke anreichert, also aufkonzentriert und das passiert in Innenr\u00e4umen. Wenn ich mich da als Infizierter aufhalte, dann wird die Konzentration immer h\u00f6her &#8211; und wenn dann jemand den Raum betritt, steckt er sich schnell an.<br \/>\nDas passiert im Au\u00dfenbereich \u00fcberhaupt nicht. Wenn ich dort ausatme, verfliegt die Aerosolwolke sofort und verd\u00fcnnt sich. Es entsteht nicht die Konzentration, um sich zu infizieren. In einer irischen Studie wurde gerade festgestellt, von 232.000 Infektionen waren 262 im Au\u00dfenbereich, also 0,1 Promille.&#8220;<\/p>\n<p><strong>Anmerkung des Verfassers:<\/strong> Bei den erfassten Infektionen ist insbesondere im Au\u00dfenbereich von einer Dunkelziffer bez\u00fcglich des Infektionskontaktes auszugehen. Die Delta-Mutante hat mit der erh\u00f6hten Ansteckungsgefahr mit dazu beigetragen.<\/p>\n<li>Interview mit dem Aerosolforscher &#8218;Dr. Scheuch am 19.02.2021 auf www.ntv.de<\/li>\n<p>(&#8230;) Wenn Sie joggen, spazieren gehen, wandern, Ski fahren, rodeln, was auch immer, dann wird nichts passieren. Im Au\u00dfenbereich kann nur dann etwas passieren, wenn Sie sehr lange sehr eng mit einer Person zusammenstehen, sich direkt gegen\u00fcberstehen und unterhalten. Dann stehen Sie in der Aerosolwolke Ihres Gegen\u00fcbers und dann k\u00f6nnen Sie sich, \u00fcber eine l\u00e4ngere Zeit, anstecken. Da w\u00e4re es dann vielleicht sinnvoll, eine Maske zu tragen oder sich im Spazierengehen zu unterhalten, wo man sich nicht direkt gegen\u00fcbersteht. Aber ansonsten ist die Ansteckungsgefahr im Freien null.&#8220;<br \/>\nBei ungesch\u00fctztem Kontakt mit unzureichender Abstandsgestaltung von 3 bis 10 Minuten sieht er auch eine reale Ansteckungsgefahr im Freien &#8230;<\/p>\n<\/ul>\n<\/details>\n<details>\n<summary><span style=\"color: #3366ff;\">Einige Eckpunkte aus dem Positionspapier der Gesellschaft f\u00fcr Aerosolforschung (GAeF)<\/span><\/summary>\n<ul>\n<li>Wir empfehlen die Lekt\u00fcre des <a href=\"https:\/\/rc03-ilbenstadt.de\/CORONA2021\/Aerosole-GAeF_Aerosolwissenschaftler_Positionspapier_210411.pdf\" target=\"_blank\" rel=\"noopener\">Positionspapieres der GAeF.<\/a>, dessen Focus sich aus unserer Sicht zu wenig mit der Ansteckungsgefahr im Freien unter sportiven Gesichtspunkten befasst.<\/li>\n<li><strong>Seite 3: Gr\u00f6\u00dfe und Verbreitung der Aerosolpartikel<\/strong><\/li>\n<p>&#8222;Aerosolpartikel   haben   Gr\u00f6\u00dfen   zwischen   ca.   0,001   und   mehreren   100 Mikrometern (und nicht wie in vielen Publikationen derzeit definiert < 5\u03bcm) und verteilen sich mit Luftstr\u00f6mungen relativ schnell, auch \u00fcber gr\u00f6\u00dfere Distanzen. Gr\u00f6\u00dfere Aerosolpartikel sinken \u2013 abh\u00e4ngig von ihrer Gr\u00f6\u00dfe  und  Dichte  \u2013  zu  Boden;  kleine  Aerosolpartikel  k\u00f6nnen  hingegen  sehr lange in der Luft verbleiben (s. Kapitel 3).\"<\/p>\n<li><strong>Seite 5: Infektionsgefahr im Freien durch Tr\u00f6pfcheninfektionen, weniger durch Aerosole<\/strong><\/li>\n<p>&#8222;Im  Freien  finden  so  gut  wie  keine  Infektionen  durch  Aerosolpartikel  statt.  Allerdings  k\u00f6nnen  Tr\u00f6pfcheninfektionen  auftreten,  insbesondere  in  Menschenansammlungen,  wenn  Mindestabst\u00e4nde  nicht  eingehalten  und\/oder  keine  Masken  getragen  werden.&#8220;<br \/>\n\t<strong>Anmerkung des Verfassers:<\/strong> Auf die geringen Abst\u00e4nde \u00fcber relativ lange Zeit beim sportlichen Radfahren wird hingewiesen. Siehe unten: Abstandsregeln des RC 03 Ilbenstadt.<\/p>\n<li><strong>Seiten 10 &#8211; 12: Partikelbewegung<\/strong><\/li>\n<p>Ein interessanter Abschnitt des Positionspapieres, die Bewegungen von Aerosolen und Tr\u00f6pfchen anschaulich beschreibt. Beim Sprechen und Husten dominieren die Tr\u00f6pchen ab 100 \u00b5m, beim Atmen k\u00f6nnen sie 20 \u00b5m und kleiner sein. Selbst das schwere Tr\u00f6pchen ben\u00f6tigt aus 1 m H\u00f6he 3,1 s bis zum Boden, das 20 \u00b5m-Aerosol doch schon 20 Minuten. Wir lesen im Positionspapier &#8222;Durch  die  sogenannte  Advektion  (waagerechte  Verfrachtung)  mit  der  Luftstr\u00f6mung k\u00f6nnen Aerosolpartikel im Freien \u00fcber sehr weite Strecken transportiert werden. Mit der  turbulenten  Luftbewegung  werden  Aerosolpartikel   auch   vertikal   transportiert.&#8220; Nun wird keine Phantasie mehr ben\u00f6tigt, um zu erkennen, dass im Windschatten schon bei moderaten Geschwindigkeiten die Viren des Vordermannes in unserem Atmungstrakt aktiv werden k\u00f6nnen (Siehe auch: Abstandsregeln des RC 03 Ilbenstadt). Vergesst die \u00dcberlegungen, dass Aerosole schon vor den &#8222;Einschl\u00e4gen&#8220; in Eurem Nasen-\/Rachenraum bei den kurzen Abst\u00e4nden verdunstet sein k\u00f6nnten. Ihr k\u00f6nnt schneller Abstand halten als dieses Aerosolverhalten einsch\u00e4tzen zu k\u00f6nnen; letzteres geht mit Sicherheit schief!<\/p>\n<li><strong>Fazit<\/strong><br \/>\n\tDie Aerosolforscher legen selbst schl\u00fcssig dar, dass bei Missachtung von Regeln im Freien, dazu geh\u00f6rt das erhebliche Unterschreiten von Mindestabst\u00e4nden &#8211; laut Prof. Dr. Scheuch reichen hier 3 bis 13 Minuten Kontakt &#8211; das Pandemiegeschehen wieder Fahrt aufnehmen kann. Der Radsportler ist durch die geringen Abst\u00e4nde beim Windschattenfahren ein Virensucher, der seine &#8222;Erfolge&#8220; durch lautes Reden, Rufen, aber auch Husten und Schn\u00e4uzen optimieren kann.<\/li>\n<\/ul>\n<\/details>\n<p><wbr><\/wbr>\n<\/ul>\n<p><strong><span style=\"color: #ff0000;\">Zus\u00e4tzliche Abstandsregeln des RC 03 Ilbenstadt zu anderen Sportgruppen oder Individualsportlern (L\u00e4ufer\/Radfahrer):<\/span><br \/>\nnach einer Studie von Prof. Dr. Bert Blocken und anderen, Universit\u00e4ten Eindhoven und Leuven:<\/strong><\/p>\n<details>\n<summary><span style=\"color: #3366ff;\">Die Studie Prof- Dr. Bert Blocken &#8211; Einsch\u00e4tzung durch den RC 03 Ilbenstadt<\/span><\/summary>\n<p>Die Studie von Blocken, Malizia, van Druenen und Marchal, im Preprint im M\u00e4rz 2020 ver\u00f6ffentlicht hat die Fachwelt und solche, die sich der Fachwelt zugeh\u00f6rig gef\u00fchlt haben und noch f\u00fchlen, hat f\u00fcr ordentlichen Wirbel gesorgt. Dabei haben die Physiker und Aerosolforscher lediglich im Windkanal reproduzierbar geforscht, wie sich Aerosole und Droplets der Gr\u00f6\u00dfen von 40 bis 200 \u00b5m aerodynamisch verhalten, wie sich die Partikel bewegen und wann sie soweit abgesunken sind, dass sie f\u00fcr einen Hintermann nicht mehr gef\u00e4hrlich werden k\u00f6nnen, sollten sie eine Virenlast tragen. Letzteres war zu diesem Zeitpunkt hoch umstritten und Blocken hielt sich aus dieser Diskussion heraus. Biologen, Virologen und Epidemiologen sollten das beurteilen; er zeigte nur den &#8222;Flugweg&#8220; der Partikel an. Auf L\u00e4ufer und Radfahrer \u00fcbertragen, konnte er schnell die 1,5 m-Abstandsregel f\u00fcr diese Sportarten ad absurdum f\u00fchren und empfahl auf wissenschaftlicher Basis den richtigen Sicherheitsabstand.<br \/>\n    Unsachliche Angriffe aus jeder Ecke folgten. In der Regel wurde die Diskussion mit ihm nicht gesucht. Aus dem Sportbereich wurde ihm unterstellt, dass er Lauf- und Radsport ruinieren wolle. Objektiv war das nicht der Fall, die Gesundheit geht vor und Blockens Abstandsregeln lie\u00dfen Lauf- und Radsport mit Einschr\u00e4nkungen durchaus zu. Blockens <a href=\"https:\/\/mobile.twitter.com\/realBertBlocken\" target=\"_blank\" rel=\"noopener\">Twitter-Konto<\/a> weist ihn als gl\u00fchenden Hobbyradsportler und Radsportfan aus &#8230;.\t<\/p>\n<\/details>\n<details>\n<summary><span style=\"color: #3366ff;\">Die Studie Prof- Dr. Bert Blocken &#8211; Quellen<\/span><\/summary>\n<ul>\n<li>Preprint der Studie <a href=\"https:\/\/rc03-ilbenstadt.de\/CORONA2021\/Aerosole-Blocken-Social-Distancing-v20_White_Paper.pdf\" target=\"_blank\" rel=\"noopener\">&#8222;\u00c4quivalent der COVID-19 1,5 m Abstandsregel im Lauf- und Radsport&#8220;<\/a>&#8222;<\/li>\n<li>Blocken\/Marchal: <a href=\"https:\/\/rc03-ilbenstadt.de\/CORONA2021\/Aerosole-Blocken-Questions_and_Answers.pdf\" target=\"_blank\" rel=\"noopener\">Fragen und Antworten zum Studienpreprint<\/a><\/li>\n<li>Zeit Online am 16.04.2020: <a href=\"https:\/\/www.zeit.de\/sport\/2020-04\/corona-studie-abstand-joggen-infektionsschutz-gert-blocken\/komplettansicht\" target=\"_blank\" rel=\"noopener\">Interview Blockens<\/a><\/li>\n<\/ul>\n<\/details>\n<ul>\n<li>4-5 m Abstand bei einer Gehgeschwindigkeit von 4 km\/h<\/li>\n<li>10 m Abstand bei einer Laufgeschwindigkeit von 14,4 km\/h<\/li>\n<li>20 m Abstand bei h\u00f6heren Geschwindigkeiten (21 m bei 30 km\/h)<\/li>\n<li>In der Studie wurden im Windkanal Messungen durchgef\u00fchrt, wann Tr\u00f6pfchen und Aerosole so weit abgesunken sind, dass sie der Hintermann nicht mehr einatmet. Diese Absinkzeit betr\u00e4gt etwa 2,5 s.<\/li>\n<li>Gehen wir von einem Kopfabstand der Radler von 4 m aus &#8211; wir wissen, dass wir diesen Wert dramatisch verk\u00fcrzen k\u00f6nnen! &#8211; kann unschwer errechnet werden, dass wir dem Ausatemkonvolut des Vordermannes je nach Geschwindigkeit schon nach 0,5 s (30 km\/h = 8,33 m\/s) beziehungsweise 1 s (14,4 km\/s = 4 m\/s) ausgesetzt sind. Weiche mal da einer den Sars-CoV-2 Viren aus. Viel Erfolg!<\/li>\n<li> Diese Abstandsregeln k\u00f6nnen je nach Windrichtung variiert werden. Bei Seitenwind kann zum Beispiel am Hinterrad des Vordermannes gefahren werden; bei Wind von vorn ist das Nebeneinanderfahren gefahrlos m\u00f6glich. Mitdenken ist angesagt, Richtungswechsel k\u00f6nnen vorkommen &#8230;<\/li>\n<li> Der gesch\u00e4ftsf\u00fchrende <a id=\"Vorstand\"><\/a>Vorstand des Vereins und die beauftragten Leiterinnen und Leiter der Sportgruppen sind im zivil- und strafrechtlichen Sinne f\u00fcr die ordnungsgem\u00e4\u00dfe Organisation und Durchf\u00fchrung der Touren unmittelbar verantwortlich. Ihren Weisungen ist nachzukommen. Teilnehmer, die grob gegen diese Richtlinien versto\u00dfen, sind von der Tour auszuschlie\u00dfen.<\/li>\n<\/ul>\n<p>F\u00fcr den Vorstand des RC 03 Ilbenstadt<\/p>\n<p>Wilhelm Schr\u00f6der<br \/>\nFachbereichsleiter \u00d6ffentlichkeitsarbeit und Sport (RTF\/CTF)<\/p>\n","protected":false},"excerpt":{"rendered":"<p>ACHTUNG &#8211; Artikel teilweise nicht aktuell. Er wird \u00fcberarbeitet. Die Regeln zu Gruppenfahrten halten wir grunds\u00e4tzlich aufrecht. Fahrt ins &#8222;Corona-Delta &#8211; Ein H\u00f6llenritt oder eine Achterbahnfahrt? Vorbemerkungen Durch das rapide Sinken der Inzidenzwerte war nach mehreren Monaten der Einschr\u00e4nkung des &hellip; <a href=\"https:\/\/www.rc03-ilbenstadt.de\/?page_id=9416\">Weiterlesen <span class=\"meta-nav\">&rarr;<\/span><\/a><\/p>\n","protected":false},"author":9,"featured_media":8370,"parent":0,"menu_order":0,"comment_status":"closed","ping_status":"closed","template":"","meta":{"_crdt_document":"","footnotes":""},"class_list":["post-9416","page","type-page","status-publish","has-post-thumbnail","hentry"],"_links":{"self":[{"href":"https:\/\/www.rc03-ilbenstadt.de\/index.php?rest_route=\/wp\/v2\/pages\/9416","targetHints":{"allow":["GET"]}}],"collection":[{"href":"https:\/\/www.rc03-ilbenstadt.de\/index.php?rest_route=\/wp\/v2\/pages"}],"about":[{"href":"https:\/\/www.rc03-ilbenstadt.de\/index.php?rest_route=\/wp\/v2\/types\/page"}],"author":[{"embeddable":true,"href":"https:\/\/www.rc03-ilbenstadt.de\/index.php?rest_route=\/wp\/v2\/users\/9"}],"replies":[{"embeddable":true,"href":"https:\/\/www.rc03-ilbenstadt.de\/index.php?rest_route=%2Fwp%2Fv2%2Fcomments&post=9416"}],"version-history":[{"count":5,"href":"https:\/\/www.rc03-ilbenstadt.de\/index.php?rest_route=\/wp\/v2\/pages\/9416\/revisions"}],"predecessor-version":[{"id":9472,"href":"https:\/\/www.rc03-ilbenstadt.de\/index.php?rest_route=\/wp\/v2\/pages\/9416\/revisions\/9472"}],"wp:featuredmedia":[{"embeddable":true,"href":"https:\/\/www.rc03-ilbenstadt.de\/index.php?rest_route=\/wp\/v2\/media\/8370"}],"wp:attachment":[{"href":"https:\/\/www.rc03-ilbenstadt.de\/index.php?rest_route=%2Fwp%2Fv2%2Fmedia&parent=9416"}],"curies":[{"name":"wp","href":"https:\/\/api.w.org\/{rel}","templated":true}]}}